{"id":179,"date":"2020-12-03T17:33:49","date_gmt":"2020-12-03T17:33:49","guid":{"rendered":"http:\/\/jochenwagner.net\/?page_id=179"},"modified":"2023-11-09T09:46:21","modified_gmt":"2023-11-09T09:46:21","slug":"cv","status":"publish","type":"page","link":"https:\/\/jochenwagner.net\/?page_id=179","title":{"rendered":"CV"},"content":{"rendered":"","protected":false},"excerpt":{"rendered":"","protected":false},"author":1,"featured_media":0,"parent":0,"menu_order":2,"comment_status":"closed","ping_status":"closed","template":"","meta":[],"class_list":["post-179","page","type-page","status-publish","hentry"],"grid":"{\r\n  \"colCount\": 12,\r\n  \"colGutter\": 1,\r\n  \"rowGutters\": [\r\n    1\r\n  ],\r\n  \"frameMargin\": 2,\r\n  \"topFrameMargin\": 40,\r\n  \"bottomFrameMargin\": 50,\r\n  \"rowAttrs\": [\r\n    {\r\n      \"relid\": 11\r\n    },\r\n    {\r\n      \"relid\": 12\r\n    }\r\n  ],\r\n  \"bgColor\": null,\r\n  \"cont\": [\r\n    {\r\n      \"type\": \"stack\",\r\n      \"cont\": [\r\n        {\r\n          \"type\": \"text\",\r\n          \"cont\": \"<p class=\\\"_TITEL\\\">*1983 in B\u00f6blingen<br \/>lebt und arbeitet in Stuttgart \u2014 lives and works in Stuttgart<\/p>\",\r\n          \"align\": \"top\",\r\n          \"row\": -1,\r\n          \"col\": 0,\r\n          \"colspan\": 2,\r\n          \"offsetx\": 0,\r\n          \"offsety\": 0,\r\n          \"spaceabove\": 0,\r\n          \"spacebelow\": 0,\r\n          \"yvel\": 1,\r\n          \"push\": 0,\r\n          \"relid\": 8\r\n        }\r\n      ],\r\n      \"align\": \"top\",\r\n      \"row\": 0,\r\n      \"col\": 0,\r\n      \"colspan\": 2,\r\n      \"offsetx\": 0,\r\n      \"offsety\": 0,\r\n      \"spaceabove\": 0,\r\n      \"spacebelow\": 0,\r\n      \"yvel\": 1,\r\n      \"push\": 0,\r\n      \"relid\": 7,\r\n      \"frameOverflow\": \"\"\r\n    },\r\n    {\r\n      \"type\": \"text\",\r\n      \"cont\": \"<p class=\\\"_TITEL\\\"><span class=\\\"_ZAHL\\\">AUSSTELLUNGEN (AUSWAHL) \u2014 EXHIBITIONS (SELECTION)<\/span><\/p><p>\u00a0<\/p><p><span class=\\\"_ZAHL\\\">2023<br \/><\/span><\/p><p>RECENT POSTS, Postquartier, Stuttgart<\/p><p>sitting in a tin can, Projektraum Kunstverein Wagenhalle, Stuttgart<\/p><p>\u00a0<\/p><p><span class=\\\"_ZAHL\\\">2022<br \/><\/span><\/p><p><a rel=\\\"noopener\\\" href=\\\"https:\/\/villa-merkel.de\/ausstellungen\/rueckblick\/2021-1\\\" target=\\\"_blank\\\">etwa faustgro\u00df<\/a>, Villa Merkel, Esslingen am Neckar<\/p><p><a rel=\\\"noopener\\\" href=\\\"https:\/\/kunstraum34.de\/2-x-34\/\\\" target=\\\"_blank\\\">2 \u00d7 34<\/a>, <a rel=\\\"noopener\\\" href=\\\"https:\/\/kunstraum34.de\/\\\" target=\\\"_blank\\\">Kunstraum 34<\/a>, Stuttgart<br \/><a rel=\\\"noopener\\\" href=\\\"https:\/\/kirche-kunstpreis.de\\\" target=\\\"_blank\\\">Kein Leben ohne und, 4. Kunstpreis der Ev. Landeskirche in W\u00fcrttemberg<\/a>, Mariaberg<br \/><br \/><\/p><p class=\\\"_TITEL\\\"><span class=\\\"_ZAHL\\\">2021<br \/><\/span>Fenster zur Welt, <a rel=\\\"noopener\\\" href=\\\"http:\/\/kunstvereingaestezimmer.de\\\" target=\\\"_blank\\\">Kunstverein\u00a0G\u00e4stezimmer<\/a>, Stuttgart<br \/><a rel=\\\"noopener\\\" href=\\\"https:\/\/www.howtoaccessart-vs.de\\\" target=\\\"_blank\\\">HOW TO ACCESS ART?! St\u00e4dtische Galerie Villingen-Schwenningen<\/a><br \/>MUTE, <a rel=\\\"noopener\\\" href=\\\"https:\/\/white-noise.eu\\\" target=\\\"_blank\\\">White Noise<\/a>, Stuttgart<\/p><p class=\\\"_TITEL\\\"><br \/><span class=\\\"_ZAHL\\\">2020<br \/><\/span>Beyond Work in Kooperation mit dem Fraunhofer\u00a0Institut f\u00fcr Arbeitswirtschaft und Organisation<br \/>(Projekt Draufblick), World Conference Center, Bonn<br \/><br \/><span class=\\\"_ZAHL\\\">2019<br \/><\/span>So wie ihr ihn glaubt (Einzelausstellung), Atelier\u00a0Wilhelmstra\u00dfe 16 e.V. Stuttgart Bad Cannstatt<br \/>Metaphern aus der Ferne, Gallery Giotta, Seoul,\u00a0S\u00fcdkorea<br \/>amarok \u2013 friends of <a rel=\\\"noopener\\\" href=\\\"https:\/\/anorakanorak.com\\\" target=\\\"_blank\\\">anorak<\/a>, Mitgliederausstellung<br \/>Kunstverein anorak e.V. HuM-Base Stuttgart<br \/>17:54 CET, Ausstellung der Ateliergemeinschaft\u00a0Studio Morgen, Kunstraum34 Stuttgart<br \/>Schlossgartencampus, Schauspielhaus Stuttgart<br \/><br \/><span class=\\\"_ZAHL\\\">2018<br \/><\/span>KUKUK, galerie mueller-roth, Stuttgart<br \/><br \/><span class=\\\"_ZAHL\\\">2017<br \/><\/span>In December Everything Will Be Fine, Staatsexamen,\u00a0Staatliche Akademie der Bildenden K\u00fcnste Stuttgart<br \/><br \/><span class=\\\"_ZAHL\\\">2016<span style=\\\"letter-spacing: 0.1em; text-indent: 0em; background-color: #ffffff;\\\"><br \/><\/span><\/span>Made with Passion, Made for You, Atelier\u00a0Wilhelmstra\u00dfe 16 e.V.<br \/>Ohne Zucker, Kunstverein Wilhelmsh\u00f6he, Ettlingen\u00a0(Katalog), kuratiert von Markus Stegmann<br \/>Bauerwartungsland, Vordere Gasse 14\/16,\u00a0Rottenburg, kuratiert von Sabine Fessler<br \/>Lectures in Aesthetics, Max Bense, Institut f\u00fcr\u00a0Philosophie Stuttgart<br \/>Platz schaffen! Kunst, Demokratie, Geschichte,\u00a0Rathaus Stuttgart (Katalog)<br \/><br \/><span class=\\\"_ZAHL\\\">2015<br \/><\/span>Innovationen \u2013 Zur Verbesserung des Alltags,\u00a0Kunstverein Neuhausen<br \/>105\u00d7150, Staatliche Akademie der Bildenden K\u00fcnste\u00a0Stuttgart<br \/><br \/><span class=\\\"_ZAHL\\\">2014<br \/><\/span>baby, you can drive my car, <a rel=\\\"noopener\\\" href=\\\"http:\/\/kunstvereingaestezimmer.de\\\" target=\\\"_blank\\\">Kunstverein\u00a0G\u00e4stezimmer<\/a>, Stuttgart (Katalog)<br \/>to heaven and back, Kunstverein Neuhausen\u00a0(Katalog)<br \/>ist:geritzt, Galerie Inter Art, Stuttgart<br \/>Zu Tisch, Kulturniederlassung S\u00fcdwest, Stuttgart\u00a0(Katalog)<br \/><br \/><span class=\\\"_ZAHL\\\">2013<br \/><\/span>Anonyme Zeichner, Kunstverein Tiergarten\/Galerie<br \/>Nord, Berlin, Galerie Delikatessenhaus, Leipzig,<br \/>Temporary Art Center, Eindhoven (Katalog)<\/p><p class=\\\"_TITEL\\\">\u00a0<\/p>\",\r\n      \"align\": \"top\",\r\n      \"row\": 0,\r\n      \"col\": 3,\r\n      \"colspan\": 5,\r\n      \"offsetx\": 0,\r\n      \"offsety\": 0,\r\n      \"spaceabove\": 0,\r\n      \"spacebelow\": 0,\r\n      \"yvel\": 1,\r\n      \"push\": 1,\r\n      \"relid\": 105\r\n    },\r\n    {\r\n      \"type\": \"stack\",\r\n      \"cont\": [\r\n        {\r\n          \"type\": \"text\",\r\n          \"cont\": \"<p class=\\\"_TITEL\\\"><span class=\\\"_ZAHL\\\">AUSBILDUNG \u2014 EDUCATION<\/span><br \/><br \/><span class=\\\"_ZAHL\\\">2020 \u2013 2022<br \/><\/span>Meistersch\u00fcler im Wei\u00dfenhof-Programm der Staatlichen Akademie der Bildenden K\u00fcnste Stuttgart<br \/><br \/><span class=\\\"_ZAHL\\\">2012 \u2013 2017<br \/><\/span>Staatlichen Akademie der Bildenden K\u00fcnste Stuttgart<br \/><br \/><span class=\\\"_ZAHL\\\">2004 \u2013 2011<br \/><\/span>Eberhard Karls Universit\u00e4t T\u00fcbingen (Biologie Diplom)<\/p><p>\u00a0<\/p><p>\u00a0<\/p><p>\u00a0<\/p>\",\r\n          \"align\": \"top\",\r\n          \"row\": -1,\r\n          \"col\": 0,\r\n          \"colspan\": 3,\r\n          \"offsetx\": 0,\r\n          \"offsety\": 0,\r\n          \"spaceabove\": 0,\r\n          \"spacebelow\": 0,\r\n          \"yvel\": 1,\r\n          \"push\": 0,\r\n          \"relid\": 5\r\n        },\r\n        {\r\n          \"type\": \"text\",\r\n          \"cont\": \"<p class=\\\"_TITEL\\\"><span class=\\\"_ZAHL\\\">LEHRE \u2014 TEACHING<\/span><\/p><p><span class=\\\"_ZAHL\\\">seit 2020<br \/><\/span>Lehrauftr\u00e4ge an der abk Stuttgart<\/p><p class=\\\"_TITEL\\\"><span class=\\\"_ZAHL\\\">2021 \u2013 2022<br \/><\/span>Akademischer Mitarbeiter f\u00fcr Grundlagen der Gestaltung und Experimentelles Entwerfen an der abk Stuttgart<\/p><p class=\\\"_TITEL\\\"><span class=\\\"_ZAHL\\\">2020 \u2013 2021<\/span><\/p><p>Lehrauftrag an der Universit\u00e4t Stuttgart, Institut f\u00fcr Darstellen und Gestalten<\/p><p><span class=\\\"_ZAHL\\\">2019 \u2013 2021<\/span><\/p><p>Dozent in der Kunstschule Kreativkreisel<\/p><p><span class=\\\"_ZAHL\\\">2014 \u2013 2019<br \/><\/span>Mitarbeiter im Weissenhofmuseum im Haus\u00a0Le Corbusier Stuttgart<\/p><p>\u00a0<\/p>\",\r\n          \"align\": \"top\",\r\n          \"row\": -1,\r\n          \"col\": 0,\r\n          \"colspan\": 3,\r\n          \"offsetx\": 0,\r\n          \"offsety\": 0,\r\n          \"spaceabove\": 0,\r\n          \"spacebelow\": 0,\r\n          \"yvel\": 1,\r\n          \"push\": 0,\r\n          \"relid\": 9\r\n        }\r\n      ],\r\n      \"align\": \"top\",\r\n      \"row\": 0,\r\n      \"col\": 9,\r\n      \"colspan\": 3,\r\n      \"offsetx\": 0,\r\n      \"offsety\": 0,\r\n      \"spaceabove\": 0,\r\n      \"spacebelow\": 0,\r\n      \"yvel\": 1,\r\n      \"push\": 1,\r\n      \"relid\": 10,\r\n      \"frameOverflow\": \"\"\r\n    },\r\n    {\r\n      \"type\": \"text\",\r\n      \"cont\": \"<p class=\\\"_TITEL\\\"><span class=\\\"_ZAHL\\\">Kontakt<\/span><br \/>Atelier<br \/>Hedelfinger Str. 95<br \/>70327 Stuttgart<br \/><br \/>www.jochenwagner.net<br \/><a href=\\\"mailto:mail@jochenwagner.net\\\">mail@jochenwagner.net<\/a><br \/>+49 (0) 176 21236509<\/p>\",\r\n      \"align\": \"top\",\r\n      \"row\": 1,\r\n      \"col\": 0,\r\n      \"colspan\": 2,\r\n      \"offsetx\": 0,\r\n      \"offsety\": 0,\r\n      \"spaceabove\": 0,\r\n      \"spacebelow\": 0,\r\n      \"yvel\": 1,\r\n      \"push\": 0,\r\n      \"relid\": 4\r\n    },\r\n    {\r\n      \"type\": \"text\",\r\n      \"cont\": \"<p><span class=\\\"_ZAHL\\\">PREISE &amp; NOMINIERUNGEN<\/span><\/p><p><span class=\\\"_ZAHL\\\">2020<\/span><\/p><p>Kunst-am-Bau f\u00fcr\u00a0die Vertretung des Landes Baden-W\u00fcrttemberg in Br\u00fcssel, Einladung<\/p><p><span class=\\\"_ZAHL\\\">2017<\/span><\/p><p>Kunst-am-Bau-Wettbewerb, 1. Preis<\/p><p>Neubau Centre for Advanced Materials,\u00a0Universit\u00e4t Heidelberg<\/p><p>ArGe Architekten, Waldkirch<\/p><p>Auslober Land Baden-W\u00fcrttemberg,\u00a0Verm\u00f6gen und Bau, Amt Mannheim und<\/p><p>Heidelberg<\/p><p><span class=\\\"_ZAHL\\\">2014<\/span><\/p><p>Walter-St\u00f6hrer-Preis f\u00fcr Grafik, Nominierung<\/p>\",\r\n      \"align\": \"middle\",\r\n      \"row\": 1,\r\n      \"col\": 8,\r\n      \"colspan\": 4,\r\n      \"offsetx\": 0,\r\n      \"offsety\": 0,\r\n      \"spaceabove\": 0,\r\n      \"spacebelow\": 0,\r\n      \"yvel\": 1,\r\n      \"push\": 6,\r\n      \"relid\": 6,\r\n      \"frameOverflow\": \"\"\r\n    }\r\n  ]\r\n}","phonegrid":"{\r\n  \"colCount\": 1,\r\n  \"colGutter\": 1,\r\n  \"rowGutters\": [\r\n    5,\r\n    5,\r\n    5,\r\n    5,\r\n    5\r\n  ],\r\n  \"frameMargin\": 5,\r\n  \"leftFrameMargin\": 5,\r\n  \"rightFrameMargin\": 5,\r\n  \"topFrameMargin\": 5,\r\n  \"bottomFrameMargin\": 20,\r\n  \"rowAttrs\": [\r\n    {\r\n      \"relid\": 13\r\n    },\r\n    {\r\n      \"relid\": 14\r\n    },\r\n    {\r\n      \"relid\": 15\r\n    },\r\n    {\r\n      \"relid\": 16\r\n    },\r\n    {\r\n      \"relid\": 17\r\n    },\r\n    {\r\n      \"relid\": 18\r\n    }\r\n  ],\r\n  \"bgColor\": null,\r\n  \"cont\": [\r\n    {\r\n      \"type\": \"text\",\r\n      \"cont\": \"<p class=\\\"_TITEL\\\">*1983 in B\u00f6blingen<br \/>lebt und arbeitet in Stuttgart \u2014 lives and works in Stuttgart<\/p>\",\r\n      \"align\": \"bottom\",\r\n      \"row\": 0,\r\n      \"col\": 0,\r\n      \"colspan\": 1,\r\n      \"offsetx\": 0,\r\n      \"offsety\": 0,\r\n      \"spaceabove\": 0,\r\n      \"spacebelow\": 0,\r\n      \"yvel\": 1,\r\n      \"push\": 0,\r\n      \"relid\": 8\r\n    },\r\n    {\r\n      \"type\": \"text\",\r\n      \"cont\": \"<p class=\\\"_TITEL\\\"><span class=\\\"_ZAHL\\\">AUSSTELLUNGEN (AUSWAHL) \u2014 EXHIBITIONS (SELECTION)<\/span><\/p><p>\u00a0<\/p><p><span class=\\\"_ZAHL\\\">2023<br \/><\/span><\/p><p>RECENT POSTS, Postquartier, Stuttgart<\/p><p>sitting in a tin can, Projektraum Kunstverein Wagenhalle, Stuttgart<\/p><p>\u00a0<\/p><p><span class=\\\"_ZAHL\\\">2022<br \/><\/span><\/p><p><a rel=\\\"noopener\\\" href=\\\"https:\/\/villa-merkel.de\/ausstellungen\/rueckblick\/2021-1\\\" target=\\\"_blank\\\">etwa faustgro\u00df<\/a>, Villa Merkel, Esslingen am Neckar<\/p><p><a rel=\\\"noopener\\\" href=\\\"https:\/\/kunstraum34.de\/2-x-34\/\\\" target=\\\"_blank\\\">2 \u00d7 34<\/a>, <a rel=\\\"noopener\\\" href=\\\"https:\/\/kunstraum34.de\/\\\" target=\\\"_blank\\\">Kunstraum 34<\/a>, Stuttgart<br \/><a rel=\\\"noopener\\\" href=\\\"https:\/\/kirche-kunstpreis.de\\\" target=\\\"_blank\\\">Kein Leben ohne und, 4. Kunstpreis der Ev. Landeskirche in W\u00fcrttemberg<\/a>, Mariaberg<br \/><br \/><\/p><p class=\\\"_TITEL\\\"><span class=\\\"_ZAHL\\\">2021<br \/><\/span>Fenster zur Welt, <a rel=\\\"noopener\\\" href=\\\"http:\/\/kunstvereingaestezimmer.de\\\" target=\\\"_blank\\\">Kunstverein\u00a0G\u00e4stezimmer<\/a>, Stuttgart<br \/><a rel=\\\"noopener\\\" href=\\\"https:\/\/www.howtoaccessart-vs.de\\\" target=\\\"_blank\\\">HOW TO ACCESS ART?! St\u00e4dtische Galerie Villingen-Schwenningen<\/a><br \/>MUTE, <a rel=\\\"noopener\\\" href=\\\"https:\/\/white-noise.eu\\\" target=\\\"_blank\\\">White Noise<\/a>, Stuttgart<\/p><p class=\\\"_TITEL\\\"><br \/><span class=\\\"_ZAHL\\\">2020<br \/><\/span>Beyond Work in Kooperation mit dem Fraunhofer\u00a0Institut f\u00fcr Arbeitswirtschaft und Organisation<br \/>(Projekt Draufblick), World Conference Center, Bonn<br \/><br \/><span class=\\\"_ZAHL\\\">2019<br \/><\/span>So wie ihr ihn glaubt (Einzelausstellung), Atelier\u00a0Wilhelmstra\u00dfe 16 e.V. Stuttgart Bad Cannstatt<br \/>Metaphern aus der Ferne, Gallery Giotta, Seoul,\u00a0S\u00fcdkorea<br \/>amarok \u2013 friends of <a rel=\\\"noopener\\\" href=\\\"https:\/\/anorakanorak.com\\\" target=\\\"_blank\\\">anorak<\/a>, Mitgliederausstellung<br \/>Kunstverein anorak e.V. HuM-Base Stuttgart<br \/>17:54 CET, Ausstellung der Ateliergemeinschaft\u00a0Studio Morgen, Kunstraum34 Stuttgart<br \/>Schlossgartencampus, Schauspielhaus Stuttgart<br \/><br \/><span class=\\\"_ZAHL\\\">2018<br \/><\/span>KUKUK, galerie mueller-roth, Stuttgart<br \/><br \/><span class=\\\"_ZAHL\\\">2017<br \/><\/span>In December Everything Will Be Fine, Staatsexamen,\u00a0Staatliche Akademie der Bildenden K\u00fcnste Stuttgart<br \/><br \/><span class=\\\"_ZAHL\\\">2016<span style=\\\"letter-spacing: 0.1em; text-indent: 0em; background-color: #ffffff;\\\"><br \/><\/span><\/span>Made with Passion, Made for You, Atelier\u00a0Wilhelmstra\u00dfe 16 e.V.<br \/>Ohne Zucker, Kunstverein Wilhelmsh\u00f6he, Ettlingen\u00a0(Katalog), kuratiert von Markus Stegmann<br \/>Bauerwartungsland, Vordere Gasse 14\/16,\u00a0Rottenburg, kuratiert von Sabine Fessler<br \/>Lectures in Aesthetics, Max Bense, Institut f\u00fcr\u00a0Philosophie Stuttgart<br \/>Platz schaffen! Kunst, Demokratie, Geschichte,\u00a0Rathaus Stuttgart (Katalog)<br \/><br \/><span class=\\\"_ZAHL\\\">2015<br \/><\/span>Innovationen \u2013 Zur Verbesserung des Alltags,\u00a0Kunstverein Neuhausen<br \/>105\u00d7150, Staatliche Akademie der Bildenden K\u00fcnste\u00a0Stuttgart<br \/><br \/><span class=\\\"_ZAHL\\\">2014<br \/><\/span>baby, you can drive my car, <a rel=\\\"noopener\\\" href=\\\"http:\/\/kunstvereingaestezimmer.de\\\" target=\\\"_blank\\\">Kunstverein\u00a0G\u00e4stezimmer<\/a>, Stuttgart (Katalog)<br \/>to heaven and back, Kunstverein Neuhausen\u00a0(Katalog)<br \/>ist:geritzt, Galerie Inter Art, Stuttgart<br \/>Zu Tisch, Kulturniederlassung S\u00fcdwest, Stuttgart\u00a0(Katalog)<br \/><br \/><span class=\\\"_ZAHL\\\">2013<br \/><\/span>Anonyme Zeichner, Kunstverein Tiergarten\/Galerie<br \/>Nord, Berlin, Galerie Delikatessenhaus, Leipzig,<br \/>Temporary Art Center, Eindhoven (Katalog)<\/p><p class=\\\"_TITEL\\\">\u00a0<\/p>\",\r\n      \"align\": \"bottom\",\r\n      \"row\": 1,\r\n      \"col\": 0,\r\n      \"colspan\": 1,\r\n      \"offsetx\": 0,\r\n      \"offsety\": 0,\r\n      \"spaceabove\": 0,\r\n      \"spacebelow\": 0,\r\n      \"yvel\": 1,\r\n      \"push\": 0,\r\n      \"relid\": 105\r\n    },\r\n    {\r\n      \"type\": \"text\",\r\n      \"cont\": \"<p class=\\\"_TITEL\\\"><span class=\\\"_ZAHL\\\">AUSBILDUNG \u2014 EDUCATION<\/span><br \/><br \/><span class=\\\"_ZAHL\\\">2020 \u2013 2022<br \/><\/span>Meistersch\u00fcler (Arbeitstitel \u00bbMaking Horses Racing Wild\u00ab) im Wei\u00dfenhof-Programm der Staatlichen Akademie der Bildenden K\u00fcnste Stuttgart<br \/><br \/><span class=\\\"_ZAHL\\\">2012 \u2013 2017<br \/><\/span>Staatlichen Akademie der Bildenden K\u00fcnste Stuttgart<br \/><br \/><span class=\\\"_ZAHL\\\">2004 \u2013 2011<br \/><\/span>Eberhard Karls Universit\u00e4t T\u00fcbingen (Biologie Diplom)<\/p><p>\u00a0<\/p><p>\u00a0<\/p><p>\u00a0<\/p>\",\r\n      \"align\": \"bottom\",\r\n      \"row\": 2,\r\n      \"col\": 0,\r\n      \"colspan\": 1,\r\n      \"offsetx\": 0,\r\n      \"offsety\": 0,\r\n      \"spaceabove\": 0,\r\n      \"spacebelow\": 0,\r\n      \"yvel\": 1,\r\n      \"push\": 0,\r\n      \"relid\": 5\r\n    },\r\n    {\r\n      \"type\": \"text\",\r\n      \"cont\": \"<p class=\\\"_TITEL\\\"><span class=\\\"_ZAHL\\\">LEHRE \u2014 TEACHING<\/span><\/p><p><span class=\\\"_ZAHL\\\">seit 2020<br \/><\/span>Lehrauftr\u00e4ge an der abk Stuttgart<\/p><p class=\\\"_TITEL\\\"><span class=\\\"_ZAHL\\\">2021 \u2013 2022<br \/><\/span>Akademischer Mitarbeiter f\u00fcr Grundlagen der Gestaltung und Experimentelles Entwerfen an der abk Stuttgart<\/p><p class=\\\"_TITEL\\\"><span class=\\\"_ZAHL\\\">2020 \u2013 2021<\/span><\/p><p>Lehrauftrag an der Universit\u00e4t Stuttgart, Institut f\u00fcr Darstellen und Gestalten<\/p><p><span class=\\\"_ZAHL\\\">2019 \u2013 2021<\/span><\/p><p>Dozent in der Kunstschule Kreativkreisel<\/p><p><span class=\\\"_ZAHL\\\">2014 \u2013 2019<br \/><\/span>Mitarbeiter im Weissenhofmuseum im Haus\u00a0Le Corbusier Stuttgart<\/p><p>\u00a0<\/p>\",\r\n      \"align\": \"bottom\",\r\n      \"row\": 3,\r\n      \"col\": 0,\r\n      \"colspan\": 1,\r\n      \"offsetx\": 0,\r\n      \"offsety\": 0,\r\n      \"spaceabove\": 0,\r\n      \"spacebelow\": 0,\r\n      \"yvel\": 1,\r\n      \"push\": 0,\r\n      \"relid\": 9\r\n    },\r\n    {\r\n      \"type\": \"text\",\r\n      \"cont\": \"<p class=\\\"_TITEL\\\"><span class=\\\"_ZAHL\\\">Kontakt<\/span><br \/>Atelier<br \/>Hedelfinger Str. 95<br \/>70327 Stuttgart<br \/><br \/>www.jochenwagner.net<br \/><a href=\\\"mailto:mail@jochenwagner.net\\\">mail@jochenwagner.net<\/a><br \/>+49 (0) 176 21236509<\/p>\",\r\n      \"align\": \"bottom\",\r\n      \"row\": 4,\r\n      \"col\": 0,\r\n      \"colspan\": 1,\r\n      \"offsetx\": 0,\r\n      \"offsety\": 0,\r\n      \"spaceabove\": 0,\r\n      \"spacebelow\": 0,\r\n      \"yvel\": 1,\r\n      \"push\": 0,\r\n      \"relid\": 4\r\n    },\r\n    {\r\n      \"type\": \"text\",\r\n      \"cont\": \"<p><span class=\\\"_ZAHL\\\">PREISE &amp; NOMINIERUNGEN<\/span><\/p><p><span class=\\\"_ZAHL\\\">2020<\/span><\/p><p>Kunst-am-Bau f\u00fcr\u00a0die Vertretung des Landes Baden-W\u00fcrttemberg in Br\u00fcssel, Einladung<\/p><p><span class=\\\"_ZAHL\\\">2017<\/span><\/p><p>Kunst-am-Bau-Wettbewerb, 1. Preis<\/p><p>Neubau Centre for Advanced Materials,\u00a0Universit\u00e4t Heidelberg<\/p><p>ArGe Architekten, Waldkirch<\/p><p>Auslober Land Baden-W\u00fcrttemberg,\u00a0Verm\u00f6gen und Bau, Amt Mannheim und<\/p><p>Heidelberg<\/p><p><span class=\\\"_ZAHL\\\">2014<\/span><\/p><p>Walter-St\u00f6hrer-Preis f\u00fcr Grafik, Nominierung<\/p>\",\r\n      \"align\": \"bottom\",\r\n      \"row\": 5,\r\n      \"col\": 0,\r\n      \"colspan\": 1,\r\n      \"offsetx\": 0,\r\n      \"offsety\": 0,\r\n      \"spaceabove\": 0,\r\n      \"spacebelow\": 0,\r\n      \"yvel\": 1,\r\n      \"push\": 0,\r\n      \"relid\": 6,\r\n      \"frameOverflow\": \"\"\r\n    }\r\n  ]\r\n}","_links":{"self":[{"href":"https:\/\/jochenwagner.net\/index.php?rest_route=\/wp\/v2\/pages\/179","targetHints":{"allow":["GET"]}}],"collection":[{"href":"https:\/\/jochenwagner.net\/index.php?rest_route=\/wp\/v2\/pages"}],"about":[{"href":"https:\/\/jochenwagner.net\/index.php?rest_route=\/wp\/v2\/types\/page"}],"author":[{"embeddable":true,"href":"https:\/\/jochenwagner.net\/index.php?rest_route=\/wp\/v2\/users\/1"}],"replies":[{"embeddable":true,"href":"https:\/\/jochenwagner.net\/index.php?rest_route=%2Fwp%2Fv2%2Fcomments&post=179"}],"version-history":[{"count":0,"href":"https:\/\/jochenwagner.net\/index.php?rest_route=\/wp\/v2\/pages\/179\/revisions"}],"wp:attachment":[{"href":"https:\/\/jochenwagner.net\/index.php?rest_route=%2Fwp%2Fv2%2Fmedia&parent=179"}],"curies":[{"name":"wp","href":"https:\/\/api.w.org\/{rel}","templated":true}]}}